{"id":1679,"date":"2024-09-25T16:53:25","date_gmt":"2024-09-25T14:53:25","guid":{"rendered":"https:\/\/cerclealekhine.fr\/?page_id=1679"},"modified":"2025-05-20T11:33:05","modified_gmt":"2025-05-20T09:33:05","slug":"saison-2023-2024","status":"publish","type":"page","link":"https:\/\/cerclealekhine.fr\/index.php\/saisons-passees\/saison-2023-2024\/","title":{"rendered":"Saison 2023 &#8211; 2024"},"content":{"rendered":"\n<div class=\"wp-block-group has-background\" style=\"background-color:#e5fef2\"><div class=\"wp-block-group__inner-container is-layout-constrained wp-block-group-is-layout-constrained\">\n<h3 class=\"wp-block-heading has-large-font-size\"><strong>Adultes<\/strong><\/h3>\n\n\n\n<p style=\"font-size:15px\">Nos \u00e9quipes adultes ont affront\u00e9 :<br>&#8211; en <strong>Nationale IV &#8211; IdF VIII<\/strong> (cap. Thomas Lemoine) : Chelles, Chennevi\u00e8res, Choisy-le-Roi, \u00c9chiquier de la Butte 2, Maubu\u00e9e-Gondoire, Meaux Tour Noire, Tremblay en France 3.<br>&#8211; en <strong>Crit\u00e9rium &#8211; Fou D<\/strong> (cap. Patrice Meunier) : Bois-Colombes, Cergy Philidor, Aubervilliers Echecs, Drancy, Livry-Gargan, Montreuil.<\/p>\n\n\n\n<hr class=\"wp-block-separator has-alpha-channel-opacity is-style-default\"\/>\n\n\n\n<div class=\"wp-block-columns is-layout-flex wp-container-core-columns-is-layout-9d6595d7 wp-block-columns-is-layout-flex\">\n<div class=\"wp-block-column is-layout-flow wp-block-column-is-layout-flow\">\n<div class=\"wp-block-group\"><div class=\"wp-block-group__inner-container is-layout-constrained wp-block-group-is-layout-constrained\">\n<div class=\"wp-block-group\"><div class=\"wp-block-group__inner-container is-layout-constrained wp-block-group-is-layout-constrained\">\n<div class=\"wp-block-group\"><div class=\"wp-block-group__inner-container is-layout-constrained wp-block-group-is-layout-constrained\">\n<div class=\"wp-block-group\"><div class=\"wp-block-group__inner-container is-layout-constrained wp-block-group-is-layout-constrained\">\n<h4 class=\"wp-block-heading has-medium-font-size\"><strong><span style=\"text-decoration: underline;\">Nationale IV<\/span><\/strong><\/h4>\n\n\n\n<p style=\"font-size:15px\">En terminant \u00e0 la 5\u00e8me place, notre \u00e9quipe continuera son histoire  en Nationale IV (4 &#8211; 3, 1 &#8211; 4, 0 &#8211; 7, 1 &#8211; 5, 5 &#8211; 2, 0 &#8211; 5, 2 &#8211; 2).<\/p>\n\n\n\n<div class=\"wp-block-jetpack-slideshow aligncenter\" data-effect=\"slide\"><div class=\"wp-block-jetpack-slideshow_container swiper-container\"><ul class=\"wp-block-jetpack-slideshow_swiper-wrapper swiper-wrapper\"><li class=\"wp-block-jetpack-slideshow_slide swiper-slide\"><figure><img loading=\"lazy\" decoding=\"async\" width=\"768\" height=\"1024\" alt=\"\" class=\"wp-block-jetpack-slideshow_image wp-image-1577\" data-id=\"1577\" src=\"https:\/\/cerclealekhine.fr\/wp-content\/uploads\/2024\/08\/20240114_172623-1-768x1024.jpg\" srcset=\"https:\/\/cerclealekhine.fr\/wp-content\/uploads\/2024\/08\/20240114_172623-1-768x1024.jpg 768w, https:\/\/cerclealekhine.fr\/wp-content\/uploads\/2024\/08\/20240114_172623-1-225x300.jpg 225w, https:\/\/cerclealekhine.fr\/wp-content\/uploads\/2024\/08\/20240114_172623-1-1152x1536.jpg 1152w, https:\/\/cerclealekhine.fr\/wp-content\/uploads\/2024\/08\/20240114_172623-1-1536x2048.jpg 1536w, https:\/\/cerclealekhine.fr\/wp-content\/uploads\/2024\/08\/20240114_172623-1-scaled.jpg 1920w\" sizes=\"(max-width: 768px) 100vw, 768px\" \/><figcaption class=\"wp-block-jetpack-slideshow_caption gallery-caption\">Ronde 5<\/figcaption><\/figure><\/li><li class=\"wp-block-jetpack-slideshow_slide swiper-slide\"><figure><img loading=\"lazy\" decoding=\"async\" width=\"768\" height=\"1024\" alt=\"\" class=\"wp-block-jetpack-slideshow_image wp-image-165\" data-id=\"165\" src=\"https:\/\/cerclealekhine.fr\/wp-content\/uploads\/2023\/12\/20231015_142844-768x1024.jpg\" srcset=\"https:\/\/cerclealekhine.fr\/wp-content\/uploads\/2023\/12\/20231015_142844-768x1024.jpg 768w, https:\/\/cerclealekhine.fr\/wp-content\/uploads\/2023\/12\/20231015_142844-225x300.jpg 225w, https:\/\/cerclealekhine.fr\/wp-content\/uploads\/2023\/12\/20231015_142844-1152x1536.jpg 1152w, https:\/\/cerclealekhine.fr\/wp-content\/uploads\/2023\/12\/20231015_142844-1536x2048.jpg 1536w, https:\/\/cerclealekhine.fr\/wp-content\/uploads\/2023\/12\/20231015_142844-scaled.jpg 1920w\" sizes=\"(max-width: 768px) 100vw, 768px\" \/><figcaption class=\"wp-block-jetpack-slideshow_caption gallery-caption\">Ronde 1<\/figcaption><\/figure><\/li><li class=\"wp-block-jetpack-slideshow_slide swiper-slide\"><figure><img loading=\"lazy\" decoding=\"async\" width=\"576\" height=\"583\" alt=\"\" class=\"wp-block-jetpack-slideshow_image wp-image-160\" data-id=\"160\" src=\"https:\/\/cerclealekhine.fr\/wp-content\/uploads\/2023\/12\/20231015_142456.jpg\" srcset=\"https:\/\/cerclealekhine.fr\/wp-content\/uploads\/2023\/12\/20231015_142456.jpg 576w, https:\/\/cerclealekhine.fr\/wp-content\/uploads\/2023\/12\/20231015_142456-296x300.jpg 296w\" sizes=\"(max-width: 576px) 100vw, 576px\" \/><figcaption class=\"wp-block-jetpack-slideshow_caption gallery-caption\">Ronde 1<\/figcaption><\/figure><\/li><\/ul><a class=\"wp-block-jetpack-slideshow_button-prev swiper-button-prev swiper-button-white\" role=\"button\"><\/a><a class=\"wp-block-jetpack-slideshow_button-next swiper-button-next swiper-button-white\" role=\"button\"><\/a><a aria-label=\"Pause Slideshow\" class=\"wp-block-jetpack-slideshow_button-pause\" role=\"button\"><\/a><div class=\"wp-block-jetpack-slideshow_pagination swiper-pagination swiper-pagination-white\"><\/div><\/div><\/div>\n\n\n\n<p style=\"font-size:15px\">Tr\u00e8s rapidement dans la comp\u00e9tition, notre \u00e9quipe a d\u00fb affronter les \u00e9quipes candidates \u00e0 la mont\u00e9e en Nationale III.<br>C&rsquo;est en gagnant contre Maubu\u00e9e Gondoire \u00e0 la 5\u00e8me ronde qu&rsquo;elle a assur\u00e9 sa place en N4 pour la saison prochaine.<\/p>\n\n\n\n<details class=\"wp-block-details has-background is-layout-flow wp-block-details-is-layout-flow\" style=\"background:linear-gradient(0deg,rgb(238,238,238) 0%,rgb(169,184,195) 100%);font-size:15px;font-style:normal;font-weight:600\"><summary>Voir les r\u00e9sultats<\/summary>\n<ol class=\"wp-block-list\">\n<li style=\"font-size:15px;font-style:normal;font-weight:400\">16\/10\/22 Noisy le Grand &nbsp;4 &#8211; 3  Chelles<\/li>\n\n\n\n<li style=\"font-size:15px;font-style:normal;font-weight:400\">27\/11\/22 Echiquier de la Butte  4 &#8211; 1 &nbsp;Noisy le Grand<\/li>\n\n\n\n<li style=\"font-size:15px;font-style:normal;font-weight:400\">11\/12\/22 Noisy le Grand &nbsp;0 &#8211; 7 &nbsp;Tremblay en France<\/li>\n\n\n\n<li style=\"font-size:15px;font-style:normal;font-weight:400\">15\/01\/23 Meaux Tour Noire  5 &#8211; 1 &nbsp;Noisy le Grand<\/li>\n\n\n\n<li style=\"font-size:15px;font-style:normal;font-weight:400\">29\/01\/23 Noisy le Grand &nbsp;5 &#8211; 2 &nbsp;Maubu\u00e9e Gondoire<\/li>\n\n\n\n<li style=\"font-size:15px;font-style:normal;font-weight:400\">12\/03\/23 Noisy le Grand &nbsp;0 &#8211; 5&nbsp; Chennevi\u00e8res<\/li>\n\n\n\n<li style=\"font-size:15px;font-style:normal;font-weight:400\">02\/04\/23 Choisy le Roi&nbsp; 2 &#8211; 2  Noisy le Grand<\/li>\n<\/ol>\n\n\n\n<p style=\"font-size:15px;font-style:normal;font-weight:400\"><em>Joueurs<\/em> : <em>M-A. Sfaxi (3 pts), T. Lemoine, I. Garrido, J. Ton-That (2 pts), S. Ton-That, P. Gendre , A. Abbey, P-O. Saint-Denis (1 pt), P. Vantet, I. Miu, P. Meunier<\/em>, <em>M. Mercier, Y. Triger (0 pt).<\/em><\/p>\n\n\n\n<ol class=\"wp-block-list\">\n<li style=\"font-size:15px;font-style:normal;font-weight:400\">Meaux Tour Noire          20 pts<\/li>\n\n\n\n<li style=\"font-size:15px;font-style:normal;font-weight:400\">Chennevi\u00e8res &nbsp; &nbsp; &nbsp; &nbsp; &nbsp;        19 pts<\/li>\n\n\n\n<li style=\"font-size:15px;font-style:normal;font-weight:400\">Echiquier de la Butte 2&nbsp; 15 pts<\/li>\n\n\n\n<li style=\"font-size:15px;font-style:normal;font-weight:400\">Tremblay en France 3&nbsp; &nbsp; 13 pts<\/li>\n\n\n\n<li style=\"font-size:15px;font-style:normal;font-weight:400\">Noisy-le-Grand &nbsp; &nbsp; &nbsp; &nbsp; &nbsp; &nbsp;  12 pts<\/li>\n\n\n\n<li style=\"font-size:15px;font-style:normal;font-weight:400\">Choisy le Roi&nbsp; &nbsp; &nbsp; &nbsp; &nbsp;     &nbsp; 12 pts<\/li>\n\n\n\n<li style=\"font-size:15px;font-style:normal;font-weight:400\">Chelles &nbsp; &nbsp;                      12 pts<\/li>\n\n\n\n<li style=\"font-size:15px;font-style:normal;font-weight:400\">Maubu\u00e9e Gondoire&nbsp; &nbsp;   &nbsp; &nbsp; 9 pts<\/li>\n<\/ol>\n<\/details>\n\n\n\n<p style=\"font-size:15px\">M-A. Sfaxi est le meilleur contributeur aux r\u00e9sultats de notre \u00e9quipe de Nationale IV.<br>1. M-A. Sfaxi (3 vict., 1 nulle)<br>2. T. Lemoine (2 vict., 3 nulles)<br>3. S. Ton-That et P-O. St Denis (1 vict., 3 nulles)<br>    I. Garrido (2 vict., 1 nulle)<\/p>\n\n\n\n<hr class=\"wp-block-separator has-alpha-channel-opacity\"\/>\n<\/div><\/div>\n<\/div><\/div>\n<\/div><\/div>\n<\/div><\/div>\n<\/div>\n\n\n\n<div class=\"wp-block-column is-layout-flow wp-block-column-is-layout-flow\" style=\"font-size:15px\">\n<h4 class=\"wp-block-heading has-medium-font-size\"><strong><span style=\"text-decoration: underline;\">Crit\u00e9rium Fou<\/span><\/strong><\/h4>\n\n\n\n<p style=\"font-size:15px\">En terminant \u00e0 la 6\u00e8me place, notre \u00e9quipe a tout de m\u00eame r\u00e9alis\u00e9 un honn\u00eate parcours (0 &#8211; 2, 1 &#8211; 3, 0 &#8211; 0, 2 &#8211; 2, 0 &#8211; 2, 2 &#8211; 2) dans un contexte difficile \u00e0 jouer.<\/p>\n\n\n\n<div class=\"wp-block-jetpack-slideshow aligncenter\" data-effect=\"slide\"><div class=\"wp-block-jetpack-slideshow_container swiper-container\"><ul class=\"wp-block-jetpack-slideshow_swiper-wrapper swiper-wrapper\"><li class=\"wp-block-jetpack-slideshow_slide swiper-slide\"><figure><img loading=\"lazy\" decoding=\"async\" width=\"768\" height=\"1024\" alt=\"\" class=\"wp-block-jetpack-slideshow_image wp-image-1579\" data-id=\"1579\" src=\"https:\/\/cerclealekhine.fr\/wp-content\/uploads\/2024\/08\/20240204_143148-768x1024.jpg\" srcset=\"https:\/\/cerclealekhine.fr\/wp-content\/uploads\/2024\/08\/20240204_143148-768x1024.jpg 768w, https:\/\/cerclealekhine.fr\/wp-content\/uploads\/2024\/08\/20240204_143148-225x300.jpg 225w, https:\/\/cerclealekhine.fr\/wp-content\/uploads\/2024\/08\/20240204_143148-1152x1536.jpg 1152w, https:\/\/cerclealekhine.fr\/wp-content\/uploads\/2024\/08\/20240204_143148-1536x2048.jpg 1536w, https:\/\/cerclealekhine.fr\/wp-content\/uploads\/2024\/08\/20240204_143148-scaled.jpg 1920w\" sizes=\"(max-width: 768px) 100vw, 768px\" \/><figcaption class=\"wp-block-jetpack-slideshow_caption gallery-caption\">Ronde 2<\/figcaption><\/figure><\/li><li class=\"wp-block-jetpack-slideshow_slide swiper-slide\"><figure><img loading=\"lazy\" decoding=\"async\" width=\"768\" height=\"1024\" alt=\"\" class=\"wp-block-jetpack-slideshow_image wp-image-1580\" data-id=\"1580\" src=\"https:\/\/cerclealekhine.fr\/wp-content\/uploads\/2024\/08\/20240407_154806-768x1024.jpg\" srcset=\"https:\/\/cerclealekhine.fr\/wp-content\/uploads\/2024\/08\/20240407_154806-768x1024.jpg 768w, https:\/\/cerclealekhine.fr\/wp-content\/uploads\/2024\/08\/20240407_154806-225x300.jpg 225w, https:\/\/cerclealekhine.fr\/wp-content\/uploads\/2024\/08\/20240407_154806-1152x1536.jpg 1152w, https:\/\/cerclealekhine.fr\/wp-content\/uploads\/2024\/08\/20240407_154806-1536x2048.jpg 1536w, https:\/\/cerclealekhine.fr\/wp-content\/uploads\/2024\/08\/20240407_154806-scaled.jpg 1920w\" sizes=\"(max-width: 768px) 100vw, 768px\" \/><figcaption class=\"wp-block-jetpack-slideshow_caption gallery-caption\">Ronde 7<\/figcaption><\/figure><\/li><\/ul><a class=\"wp-block-jetpack-slideshow_button-prev swiper-button-prev swiper-button-white\" role=\"button\"><\/a><a class=\"wp-block-jetpack-slideshow_button-next swiper-button-next swiper-button-white\" role=\"button\"><\/a><a aria-label=\"Pause Slideshow\" class=\"wp-block-jetpack-slideshow_button-pause\" role=\"button\"><\/a><div class=\"wp-block-jetpack-slideshow_pagination swiper-pagination swiper-pagination-white\"><\/div><\/div><\/div>\n\n\n\n<details class=\"wp-block-details has-background is-layout-flow wp-block-details-is-layout-flow\" style=\"background:linear-gradient(0deg,rgb(238,238,238) 0%,rgb(169,184,195) 100%);font-size:15px;font-style:normal;font-weight:600\"><summary>Voir les r\u00e9sultats<\/summary>\n<ol class=\"wp-block-list\">\n<li style=\"font-size:15px;font-style:normal;font-weight:400\">19\/11\/23 Livry-Gargan  2 &#8211; 0  Noisy le Grand<\/li>\n\n\n\n<li style=\"font-size:15px;font-style:normal;font-weight:400\">10\/12\/23 Noisy le Grand  1 &#8211; 3  Montreuil<\/li>\n\n\n\n<li style=\"font-size:15px;font-style:normal;font-weight:400\">07\/01\/24 Exempt\u00e9<\/li>\n\n\n\n<li style=\"font-size:15px;font-style:normal;font-weight:400\">21\/01\/24 Bois-Colombes  0 &#8211; 0  Noisy le Grand <\/li>\n\n\n\n<li style=\"font-size:15px;font-style:normal;font-weight:400\">04\/02\/24 Noisy le Grand &nbsp;2 &#8211; 2 &nbsp;Aubervilliers<\/li>\n\n\n\n<li style=\"font-size:15px;font-style:normal;font-weight:400\">24\/03\/24 Cergy Philidor &nbsp;2 &#8211; 0&nbsp; Noisy le Grand<\/li>\n\n\n\n<li style=\"font-size:15px;font-style:normal;font-weight:400\">07\/04\/24 Noisy le Grand&nbsp; 2 &#8211; 2 Drancy<\/li>\n<\/ol>\n\n\n\n<p style=\"font-size:15px;font-style:normal;font-weight:400\"><em>Joueurs<\/em> : <em>A. Abbey (3 pts), M-A. Sfaxy (2 pts), P. Meunier, I. Miu<\/em>, <em>M. Mercier (0 pt).<\/em><\/p>\n\n\n\n<ol class=\"wp-block-list\">\n<li style=\"font-size:15px;font-style:normal;font-weight:400\">Montreuil            16 pts<\/li>\n\n\n\n<li style=\"font-size:15px;font-style:normal;font-weight:400\">Livry-Gargan      13 pts<\/li>\n\n\n\n<li style=\"font-size:15px;font-style:normal;font-weight:400\">Aubervilliers&nbsp;      13 pts<\/li>\n\n\n\n<li style=\"font-size:15px;font-style:normal;font-weight:400\">Cergy Philidor&nbsp; &nbsp; 13 pts<\/li>\n\n\n\n<li style=\"font-size:15px;font-style:normal;font-weight:400\">Drancy &nbsp; &nbsp; &nbsp; &nbsp; &nbsp;    &nbsp; 10 pts<\/li>\n\n\n\n<li style=\"font-size:15px;font-style:normal;font-weight:400\">Noisy-le-Grand &nbsp; 10 pts<\/li>\n\n\n\n<li style=\"font-size:15px;font-style:normal;font-weight:400\">Bois-Colombes&nbsp; &nbsp;  7 pts<\/li>\n<\/ol>\n<\/details>\n\n\n\n<p>A. Abbey est le meilleur contributeur aux r\u00e9sultats de notre \u00e9quipe de Crit\u00e9rium Fou.<br>1. A. Abbey (3 vict., 1 nulle)<br>2. M-A. Sfaxi (2 vict., 2 nulles)<br>3. P. Meunier (1 nulle)<\/p>\n<\/div>\n<\/div>\n<\/div><\/div>\n\n\n\n<div class=\"wp-block-columns is-layout-flex wp-container-core-columns-is-layout-9d6595d7 wp-block-columns-is-layout-flex\">\n<div class=\"wp-block-column is-layout-flow wp-block-column-is-layout-flow\">\n<h3 class=\"wp-block-heading\"><strong>24\/09\/23 &#8211; Tournoi du Club608<\/strong><\/h3>\n\n\n\n<p style=\"font-size:15px\">Pascale et Anat\u00e9 ont particip\u00e9 au 3\u00e8me Tournoi rapide du Club608. Bravo \u00e0 eux qui se sont bien battus dans un tournoi tr\u00e8s sympathique. <\/p>\n\n\n\n<p class=\"has-vivid-cyan-blue-color has-text-color has-link-color wp-elements-4d6948802ce6f71f7de440ad5a4783b9\" style=\"font-size:15px\"><em><a href=\"https:\/\/club608echecs.com\/index.php\/tournois\/archives-tournois\/587-resultat-du-rapide-20230924\" target=\"_blank\" rel=\"noreferrer noopener\">Pour en savoir plus sur le tournoi &#8230;<\/a><\/em><\/p>\n\n\n\n<figure class=\"wp-block-image is-style-rounded\"><img decoding=\"async\" src=\"https:\/\/cerclealekhine.fr\/wp-content\/uploads\/2023\/11\/Club608-1-scaled.jpg\" alt=\"Tournoi du Club608\"\/><\/figure>\n<\/div>\n\n\n\n<div class=\"wp-block-column is-layout-flow wp-block-column-is-layout-flow\">\n<h3 class=\"wp-block-heading\"><strong>27\/04\/24 : Troph\u00e9e Caissa<\/strong><\/h3>\n\n\n\n<p style=\"font-size:15px\">Bravo \u00e0 Pascale qui a d\u00e9fendu les couleurs du club en finale de la 3\u00e8me \u00e9dition du Troph\u00e9e Caissa qui r\u00e9unissait 45 joueuses.<\/p>\n\n\n\n<figure class=\"wp-block-image size-full is-resized is-style-rounded\"><img decoding=\"async\" src=\"https:\/\/cerclealekhine.fr\/wp-content\/uploads\/2024\/04\/image-2.png\" alt=\"\" class=\"wp-image-1327\" style=\"object-fit:cover;width:250px;height:200px\"\/><\/figure>\n\n\n\n<p class=\"has-vivid-cyan-blue-color has-text-color has-link-color wp-elements-750ddd143e2927910a608f2c9eea8a13\" style=\"font-size:15px\"><a title=\"Comp\u00e9titions Adultes\" href=\"https:\/\/cerclealekhine.fr\/index.php\/competitions-adultes\/\"><em>Pour en savoir plus sur le Troph\u00e9e &#8230;<\/em><\/a><\/p>\n<\/div>\n\n\n\n<div class=\"wp-block-column is-layout-flow wp-block-column-is-layout-flow\"><\/div>\n<\/div>\n\n\n\n<hr class=\"wp-block-separator has-alpha-channel-opacity is-style-wide\"\/>\n\n\n\n<div class=\"wp-block-group has-background\" style=\"background-color:#ddf7fb\"><div class=\"wp-block-group__inner-container is-layout-constrained wp-block-group-is-layout-constrained\">\n<h2 class=\"wp-block-heading has-large-font-size\">Jeunes<\/h2>\n\n\n\n<div class=\"wp-block-group\"><div class=\"wp-block-group__inner-container is-layout-constrained wp-block-group-is-layout-constrained\">\n<div class=\"wp-block-group\"><div class=\"wp-block-group__inner-container is-layout-constrained wp-block-group-is-layout-constrained\">\n<p style=\"font-size:15px\">Nos \u00e9quipes jeunes ont affront\u00e9 :<br>&#8211; en <strong>Nationale IV<\/strong> (cap. Yves Hantala) : Drancy (1 et 2), La Courneuve, Montreuil (2, 3, 4 et 5).<br>&#8211; en <strong>Crit\u00e9rium Petits pions U10 <\/strong>(cap. Yves Hantala) : <br> . <strong>Qualification <\/strong>: Chelles, Fontenay-sous-Bois, Livry-Gargan, Vincennes (1 et 2).<br> . <strong>Finale <\/strong>: Cergy-Pontoise, Clamart, Colombes, Le Petit Pouchet, Noisiel, Puteaux, Rueil-Malmaison, Saint-Maur, Vincennes.<\/p>\n<\/div><\/div>\n<\/div><\/div>\n\n\n\n<hr class=\"wp-block-separator has-alpha-channel-opacity\"\/>\n\n\n\n<div class=\"wp-block-columns is-layout-flex wp-container-core-columns-is-layout-9d6595d7 wp-block-columns-is-layout-flex\">\n<div class=\"wp-block-column is-layout-flow wp-block-column-is-layout-flow\">\n<div class=\"wp-block-group\"><div class=\"wp-block-group__inner-container is-layout-constrained wp-block-group-is-layout-constrained\">\n<h4 class=\"wp-block-heading has-medium-font-size\"><strong><span style=\"text-decoration: underline;\">Nationale IV<\/span><\/strong><\/h4>\n\n\n\n<p style=\"font-size:15px\">En terminant \u00e0 la 6\u00e8me place, notre \u00e9quipe jeunes a fait une saison tout \u00e0 fait honorable. L&rsquo;\u00e9quipe a souvent \u00e9t\u00e9 remani\u00e9e suite \u00e0 des indisponibilit\u00e9s sur les cong\u00e9s scolaires (6 &#8211; 2, 4 &#8211; 4, 3 &#8211; 5, 6 &#8211; 2, 6 &#8211; 0, 2 &#8211; 5, 1 &#8211; 5). cela a permis de faire une revue des effectifs pour la saison prochaine.<\/p>\n\n\n\n<div class=\"wp-block-jetpack-slideshow aligncenter\" data-effect=\"slide\"><div class=\"wp-block-jetpack-slideshow_container swiper-container\"><ul class=\"wp-block-jetpack-slideshow_swiper-wrapper swiper-wrapper\"><li class=\"wp-block-jetpack-slideshow_slide swiper-slide\"><figure><img loading=\"lazy\" decoding=\"async\" width=\"768\" height=\"1024\" alt=\"\" class=\"wp-block-jetpack-slideshow_image wp-image-1625\" data-id=\"1625\" src=\"https:\/\/cerclealekhine.fr\/wp-content\/uploads\/2024\/08\/20240505_141049-768x1024.jpg\" srcset=\"https:\/\/cerclealekhine.fr\/wp-content\/uploads\/2024\/08\/20240505_141049-768x1024.jpg 768w, https:\/\/cerclealekhine.fr\/wp-content\/uploads\/2024\/08\/20240505_141049-225x300.jpg 225w, https:\/\/cerclealekhine.fr\/wp-content\/uploads\/2024\/08\/20240505_141049-1152x1536.jpg 1152w, https:\/\/cerclealekhine.fr\/wp-content\/uploads\/2024\/08\/20240505_141049-1536x2048.jpg 1536w, https:\/\/cerclealekhine.fr\/wp-content\/uploads\/2024\/08\/20240505_141049-scaled.jpg 1920w\" sizes=\"(max-width: 768px) 100vw, 768px\" \/><figcaption class=\"wp-block-jetpack-slideshow_caption gallery-caption\">Ronde 7<\/figcaption><\/figure><\/li><li class=\"wp-block-jetpack-slideshow_slide swiper-slide\"><figure><img loading=\"lazy\" decoding=\"async\" width=\"768\" height=\"1024\" alt=\"\" class=\"wp-block-jetpack-slideshow_image wp-image-1621\" data-id=\"1621\" src=\"https:\/\/cerclealekhine.fr\/wp-content\/uploads\/2024\/08\/20240407_142317-768x1024.jpg\" srcset=\"https:\/\/cerclealekhine.fr\/wp-content\/uploads\/2024\/08\/20240407_142317-768x1024.jpg 768w, https:\/\/cerclealekhine.fr\/wp-content\/uploads\/2024\/08\/20240407_142317-225x300.jpg 225w, https:\/\/cerclealekhine.fr\/wp-content\/uploads\/2024\/08\/20240407_142317-1152x1536.jpg 1152w, https:\/\/cerclealekhine.fr\/wp-content\/uploads\/2024\/08\/20240407_142317-1536x2048.jpg 1536w, https:\/\/cerclealekhine.fr\/wp-content\/uploads\/2024\/08\/20240407_142317-scaled.jpg 1920w\" sizes=\"(max-width: 768px) 100vw, 768px\" \/><figcaption class=\"wp-block-jetpack-slideshow_caption gallery-caption\">Ronde 6<\/figcaption><\/figure><\/li><li class=\"wp-block-jetpack-slideshow_slide swiper-slide\"><figure><img loading=\"lazy\" decoding=\"async\" width=\"768\" height=\"1024\" alt=\"\" class=\"wp-block-jetpack-slideshow_image wp-image-1619\" data-id=\"1619\" src=\"https:\/\/cerclealekhine.fr\/wp-content\/uploads\/2024\/08\/20240204_143101-768x1024.jpg\" srcset=\"https:\/\/cerclealekhine.fr\/wp-content\/uploads\/2024\/08\/20240204_143101-768x1024.jpg 768w, https:\/\/cerclealekhine.fr\/wp-content\/uploads\/2024\/08\/20240204_143101-225x300.jpg 225w, https:\/\/cerclealekhine.fr\/wp-content\/uploads\/2024\/08\/20240204_143101-1152x1536.jpg 1152w, https:\/\/cerclealekhine.fr\/wp-content\/uploads\/2024\/08\/20240204_143101-1536x2048.jpg 1536w, https:\/\/cerclealekhine.fr\/wp-content\/uploads\/2024\/08\/20240204_143101-scaled.jpg 1920w\" sizes=\"(max-width: 768px) 100vw, 768px\" \/><figcaption class=\"wp-block-jetpack-slideshow_caption gallery-caption\">Ronde 5<\/figcaption><\/figure><\/li><li class=\"wp-block-jetpack-slideshow_slide swiper-slide\"><figure><img loading=\"lazy\" decoding=\"async\" width=\"768\" height=\"1024\" alt=\"\" class=\"wp-block-jetpack-slideshow_image wp-image-1616\" data-id=\"1616\" src=\"https:\/\/cerclealekhine.fr\/wp-content\/uploads\/2024\/08\/20240121_145818-768x1024.jpg\" srcset=\"https:\/\/cerclealekhine.fr\/wp-content\/uploads\/2024\/08\/20240121_145818-768x1024.jpg 768w, https:\/\/cerclealekhine.fr\/wp-content\/uploads\/2024\/08\/20240121_145818-225x300.jpg 225w, https:\/\/cerclealekhine.fr\/wp-content\/uploads\/2024\/08\/20240121_145818-1152x1536.jpg 1152w, https:\/\/cerclealekhine.fr\/wp-content\/uploads\/2024\/08\/20240121_145818-1536x2048.jpg 1536w, https:\/\/cerclealekhine.fr\/wp-content\/uploads\/2024\/08\/20240121_145818-scaled.jpg 1920w\" sizes=\"(max-width: 768px) 100vw, 768px\" \/><figcaption class=\"wp-block-jetpack-slideshow_caption gallery-caption\">Ronde 4<\/figcaption><\/figure><\/li><li class=\"wp-block-jetpack-slideshow_slide swiper-slide\"><figure><img loading=\"lazy\" decoding=\"async\" width=\"768\" height=\"1024\" alt=\"\" class=\"wp-block-jetpack-slideshow_image wp-image-1606\" data-id=\"1606\" src=\"https:\/\/cerclealekhine.fr\/wp-content\/uploads\/2024\/08\/20231210_143232-768x1024.jpg\" srcset=\"https:\/\/cerclealekhine.fr\/wp-content\/uploads\/2024\/08\/20231210_143232-768x1024.jpg 768w, https:\/\/cerclealekhine.fr\/wp-content\/uploads\/2024\/08\/20231210_143232-225x300.jpg 225w, https:\/\/cerclealekhine.fr\/wp-content\/uploads\/2024\/08\/20231210_143232-1152x1536.jpg 1152w, https:\/\/cerclealekhine.fr\/wp-content\/uploads\/2024\/08\/20231210_143232-1536x2048.jpg 1536w, https:\/\/cerclealekhine.fr\/wp-content\/uploads\/2024\/08\/20231210_143232-scaled.jpg 1920w\" sizes=\"(max-width: 768px) 100vw, 768px\" \/><figcaption class=\"wp-block-jetpack-slideshow_caption gallery-caption\">Ronde 2<\/figcaption><\/figure><\/li><\/ul><a class=\"wp-block-jetpack-slideshow_button-prev swiper-button-prev swiper-button-white\" role=\"button\"><\/a><a class=\"wp-block-jetpack-slideshow_button-next swiper-button-next swiper-button-white\" role=\"button\"><\/a><a aria-label=\"Pause Slideshow\" class=\"wp-block-jetpack-slideshow_button-pause\" role=\"button\"><\/a><div class=\"wp-block-jetpack-slideshow_pagination swiper-pagination swiper-pagination-white\"><\/div><\/div><\/div>\n\n\n\n<details class=\"wp-block-details has-background is-layout-flow wp-block-details-is-layout-flow\" style=\"background:linear-gradient(0deg,rgb(238,238,238) 0%,rgb(169,184,195) 100%);font-size:15px;font-style:normal;font-weight:600\"><summary>Voir les r\u00e9sultats<\/summary>\n<div class=\"wp-block-group\" style=\"font-size:15px\"><div class=\"wp-block-group__inner-container is-layout-constrained wp-block-group-is-layout-constrained\">\n<ol class=\"wp-block-list\">\n<li style=\"font-size:15px;font-style:normal;font-weight:400\">19\/11\/2023 Noisy le Grand&nbsp;&#8211; La Courneuve (6-2)<\/li>\n\n\n\n<li style=\"font-size:15px;font-style:normal;font-weight:400\">10\/12\/2023 Montreuil 4 &#8211; Noisy le Grand (4-4)<\/li>\n\n\n\n<li style=\"font-size:15px;font-style:normal;font-weight:400\">07\/01\/2024 Noisy le Grand &#8211;&nbsp;Drancy 1 (5-3)<\/li>\n\n\n\n<li style=\"font-size:15px;font-style:normal;font-weight:400\">21\/01\/2024 Drancy 2 &#8211;&nbsp;Noisy le Grand (2-6)<\/li>\n\n\n\n<li style=\"font-size:15px;font-style:normal;font-weight:400\">04\/02\/2024 Noisy le Grand &#8211; Montreuil 5 (6-0)<\/li>\n\n\n\n<li style=\"font-size:15px;font-style:normal;font-weight:400\">07\/04\/2024 Noisy le Grand &#8211; Montreuil 2 (2-5)<\/li>\n\n\n\n<li style=\"font-size:15px;font-style:normal;font-weight:400\">05\/05\/2024 Montreuil 3 &#8211; Noisy le Grand (5-1)<\/li>\n<\/ol>\n\n\n\n<p style=\"font-size:15px;font-style:normal;font-weight:400\"><em>Joueurs<\/em> : <em>A. Panjo Chaillot, P. Addison, A. Nalliah (6 pts), A. Neiter Wang (5 pts), I. Karacar (4 pts), E. Giorgetti Chavez (2 pt), M. Sfaxi (1 pt) G. Bessaguet, M. Fatealy, T-A. Kouakou, K. Panico, M. Zhang (0 pt).<\/em><\/p>\n\n\n\n<ol class=\"wp-block-list\">\n<li style=\"font-size:15px;font-style:normal;font-weight:400\">Montreuil 3         17 pts<\/li>\n\n\n\n<li style=\"font-size:15px;font-style:normal;font-weight:400\">Drancy 1             17 pts<\/li>\n\n\n\n<li style=\"font-size:15px;font-style:normal;font-weight:400\">La Courneuve     17 pts<\/li>\n\n\n\n<li style=\"font-size:15px;font-style:normal;font-weight:400\">Montreuil 5         15 pts<\/li>\n\n\n\n<li style=\"font-size:15px;font-style:normal;font-weight:400\">Montreuil 2         14 pts<\/li>\n\n\n\n<li style=\"font-size:15px;font-style:normal;font-weight:400\">Noisy-le-Grand  14 pts<\/li>\n\n\n\n<li style=\"font-size:15px;font-style:normal;font-weight:400\">Drancy 2              9 pts<\/li>\n\n\n\n<li style=\"font-size:15px;font-style:normal;font-weight:400\">Montreuil 4          9 pts<\/li>\n<\/ol>\n<\/div><\/div>\n<\/details>\n\n\n\n<p style=\"font-size:15px\">A. Panjo Chaillot est le meilleur contributeur aux r\u00e9sultats de notre \u00e9quipe de Nationale IV jeunes<br>1. A. Panjo Chaillot (5 vict., 1 nulle)<br>2. A. Neiter Wang (5 vict.)<br>3. P. Addison (3 vict., 1 nulle)<\/p>\n\n\n\n<hr class=\"wp-block-separator has-alpha-channel-opacity\"\/>\n<\/div><\/div>\n<\/div>\n\n\n\n<div class=\"wp-block-column is-layout-flow wp-block-column-is-layout-flow\">\n<div class=\"wp-block-group\"><div class=\"wp-block-group__inner-container is-layout-constrained wp-block-group-is-layout-constrained\">\n<h4 class=\"wp-block-heading has-medium-font-size\"><strong><span style=\"text-decoration: underline;\">Crit\u00e9rium Petits pions moins de 10 ans<\/span><\/strong><\/h4>\n\n\n\n<p style=\"font-size:15px\">En terminant 2\u00e8me de son groupe qualificatif (10-6, 12-4, 7-8, 10-4, 7-7), notre \u00e9quipe jeunes s&rsquo;est qualifi\u00e9e pour la phase finale du Crit\u00e9rium Petits pions U10 o\u00f9 elle s&rsquo;est class\u00e9e \u00e0 la 5\u00e8me place pour dix \u00e9quipes participantes (1-3, 2-1, 3-1, 3-1, 1-3, 2-2, 0-4, 1-3, 3-1).<\/p>\n\n\n\n<div class=\"wp-block-jetpack-slideshow aligncenter\" data-effect=\"slide\"><div class=\"wp-block-jetpack-slideshow_container swiper-container\"><ul class=\"wp-block-jetpack-slideshow_swiper-wrapper swiper-wrapper\"><li class=\"wp-block-jetpack-slideshow_slide swiper-slide\"><figure><img loading=\"lazy\" decoding=\"async\" width=\"768\" height=\"1024\" alt=\"\" class=\"wp-block-jetpack-slideshow_image wp-image-1563\" data-id=\"1563\" src=\"https:\/\/cerclealekhine.fr\/wp-content\/uploads\/2024\/07\/IMG-20240519-WA0005-768x1024.jpg\" srcset=\"https:\/\/cerclealekhine.fr\/wp-content\/uploads\/2024\/07\/IMG-20240519-WA0005-768x1024.jpg 768w, https:\/\/cerclealekhine.fr\/wp-content\/uploads\/2024\/07\/IMG-20240519-WA0005-225x300.jpg 225w, https:\/\/cerclealekhine.fr\/wp-content\/uploads\/2024\/07\/IMG-20240519-WA0005-1152x1536.jpg 1152w, https:\/\/cerclealekhine.fr\/wp-content\/uploads\/2024\/07\/IMG-20240519-WA0005.jpg 1500w\" sizes=\"(max-width: 768px) 100vw, 768px\" \/><figcaption class=\"wp-block-jetpack-slideshow_caption gallery-caption\">L&rsquo;\u00e9quipe<\/figcaption><\/figure><\/li><li class=\"wp-block-jetpack-slideshow_slide swiper-slide\"><figure><img loading=\"lazy\" decoding=\"async\" width=\"768\" height=\"1024\" alt=\"\" class=\"wp-block-jetpack-slideshow_image wp-image-1598\" data-id=\"1598\" src=\"https:\/\/cerclealekhine.fr\/wp-content\/uploads\/2024\/08\/20240128_144710-768x1024.jpg\" srcset=\"https:\/\/cerclealekhine.fr\/wp-content\/uploads\/2024\/08\/20240128_144710-768x1024.jpg 768w, https:\/\/cerclealekhine.fr\/wp-content\/uploads\/2024\/08\/20240128_144710-225x300.jpg 225w, https:\/\/cerclealekhine.fr\/wp-content\/uploads\/2024\/08\/20240128_144710-1152x1536.jpg 1152w, https:\/\/cerclealekhine.fr\/wp-content\/uploads\/2024\/08\/20240128_144710-1536x2048.jpg 1536w, https:\/\/cerclealekhine.fr\/wp-content\/uploads\/2024\/08\/20240128_144710-scaled.jpg 1920w\" sizes=\"(max-width: 768px) 100vw, 768px\" \/><figcaption class=\"wp-block-jetpack-slideshow_caption gallery-caption\">Ronde 4<\/figcaption><\/figure><\/li><li class=\"wp-block-jetpack-slideshow_slide swiper-slide\"><figure><img loading=\"lazy\" decoding=\"async\" width=\"768\" height=\"1024\" alt=\"\" class=\"wp-block-jetpack-slideshow_image wp-image-1596\" data-id=\"1596\" src=\"https:\/\/cerclealekhine.fr\/wp-content\/uploads\/2024\/08\/20231126_145145-768x1024.jpg\" srcset=\"https:\/\/cerclealekhine.fr\/wp-content\/uploads\/2024\/08\/20231126_145145-768x1024.jpg 768w, https:\/\/cerclealekhine.fr\/wp-content\/uploads\/2024\/08\/20231126_145145-225x300.jpg 225w, https:\/\/cerclealekhine.fr\/wp-content\/uploads\/2024\/08\/20231126_145145-1152x1536.jpg 1152w, https:\/\/cerclealekhine.fr\/wp-content\/uploads\/2024\/08\/20231126_145145-1536x2048.jpg 1536w, https:\/\/cerclealekhine.fr\/wp-content\/uploads\/2024\/08\/20231126_145145-scaled.jpg 1920w\" sizes=\"(max-width: 768px) 100vw, 768px\" \/><figcaption class=\"wp-block-jetpack-slideshow_caption gallery-caption\">Ronde 2<\/figcaption><\/figure><\/li><\/ul><a class=\"wp-block-jetpack-slideshow_button-prev swiper-button-prev swiper-button-white\" role=\"button\"><\/a><a class=\"wp-block-jetpack-slideshow_button-next swiper-button-next swiper-button-white\" role=\"button\"><\/a><a aria-label=\"Pause Slideshow\" class=\"wp-block-jetpack-slideshow_button-pause\" role=\"button\"><\/a><div class=\"wp-block-jetpack-slideshow_pagination swiper-pagination swiper-pagination-white\"><\/div><\/div><\/div>\n\n\n\n<p style=\"font-size:15px\">C&rsquo;est \u00e0 la 4\u00e8me ronde et grande surprise que notre \u00e9quipe jeunes a gagn\u00e9 sa place pour la phase finale de la comp\u00e9tition en battant largement l&rsquo;\u00e9quipe qui \u00e9tait 2\u00e8me au classement.<\/p>\n\n\n\n<details class=\"wp-block-details has-background is-layout-flow wp-block-details-is-layout-flow\" style=\"background:linear-gradient(0deg,rgb(238,238,238) 0%,rgb(169,184,195) 100%);font-size:15px;font-style:normal;font-weight:600\"><summary>Voir les r\u00e9sultats<\/summary>\n<ol class=\"wp-block-list\">\n<li style=\"font-size:15px;font-style:normal;font-weight:400\">26\/11\/2023 Livry-Gargan &#8211; Noisy le Grand (6-10)<\/li>\n\n\n\n<li style=\"font-size:15px;font-style:normal;font-weight:400\">17\/12\/2023 Noisy le Grand &#8211;&nbsp;Chelles (12-4)<\/li>\n\n\n\n<li style=\"font-size:15px;font-style:normal;font-weight:400\">14\/01\/2024 Fontenay-sous-Bois &#8211;&nbsp;Noisy le Grand (8-7)<\/li>\n\n\n\n<li style=\"font-size:15px;font-style:normal;font-weight:400\">03\/02\/2024 Vincennes 2 &#8211; Noisy-le-Grand (4-10)<\/li>\n\n\n\n<li style=\"font-size:15px;font-style:normal;font-weight:400\">17\/03\/2024 Noisy le Grand &#8211; Vincennes 1 (7-7)<\/li>\n<\/ol>\n\n\n\n<p style=\"font-size:15px;font-style:normal;font-weight:400\"><em>Joueurs : A. Nalliah (14pts), I. Attoumani, I. Karacar, M. Zhang (6 pts), A. Panjo Chaillot (4 pts), M. Dubouille, M. Sfaxi (3 pts), A. Neiter Wang (2 pts), C. Arqu\u00e8s (1 pt).<\/em><\/p>\n\n\n\n<ol class=\"wp-block-list\">\n<li style=\"font-size:15px;font-style:normal;font-weight:400\">Vincennes 1               14 pts<\/li>\n\n\n\n<li style=\"font-size:15px;font-style:normal;font-weight:400\">Noisy-le-Grand         12 pts<\/li>\n\n\n\n<li style=\"font-size:15px;font-style:normal;font-weight:400\">Chelles                      11 pts<\/li>\n\n\n\n<li style=\"font-size:15px;font-style:normal;font-weight:400\">Vincennes 2                9 pts<\/li>\n\n\n\n<li style=\"font-size:15px;font-style:normal;font-weight:400\">Fontenay-sous-Bois   8 pts<\/li>\n\n\n\n<li style=\"font-size:15px;font-style:normal;font-weight:400\">Livry-Gargan             6 pts<\/li>\n<\/ol>\n<\/details>\n\n\n\n<p style=\"font-size:15px\">C&rsquo;est au d\u00e9partage pour la 4\u00e8me place que notre \u00e9quipe se classe finalement \u00e0 la 5\u00e8me place de la finale du Crit\u00e9rium Petits pions moins de 10 ans.<\/p>\n\n\n\n<details class=\"wp-block-details has-background is-layout-flow wp-block-details-is-layout-flow\" style=\"background:linear-gradient(0deg,rgb(238,238,238) 0%,rgb(169,184,195) 100%);font-size:15px;font-style:normal;font-weight:600\"><summary>Voir les r\u00e9sultats<\/summary>\n<ol class=\"wp-block-list\">\n<li style=\"font-size:15px;font-style:normal;font-weight:400\">Noisy le Grand &#8211; Clamart (1-3)<\/li>\n\n\n\n<li style=\"font-size:15px;font-style:normal;font-weight:400\">Noisy le Grand &#8211;&nbsp;St Maur (2-1)<\/li>\n\n\n\n<li style=\"font-size:15px;font-style:normal;font-weight:400\">Le Petit Pouchet &#8211;&nbsp;Noisy le Grand (1-3)<\/li>\n\n\n\n<li style=\"font-size:15px;font-style:normal;font-weight:400\">Noisy-le-Grand &#8211; Colombes (3-1)<\/li>\n\n\n\n<li style=\"font-size:15px;font-style:normal;font-weight:400\">Rueil-Malmaison &#8211; Noisy le Grand (3-1)<\/li>\n\n\n\n<li style=\"font-size:15px;font-style:normal;font-weight:400\">Noisy-le-Grand &#8211; Noisiel (2-2)<\/li>\n\n\n\n<li style=\"font-size:15px;font-style:normal;font-weight:400\">Vincennes &#8211; Noisy le Grand (4-0)<\/li>\n\n\n\n<li style=\"font-size:15px;font-style:normal;font-weight:400\">Noisy-le-Grand &#8211; Puteaux (1-3)<\/li>\n\n\n\n<li style=\"font-size:15px;font-style:normal;font-weight:400\">Cergy-Pontoise &#8211; Noisy le Grand (1-3)<\/li>\n<\/ol>\n\n\n\n<p style=\"font-style:normal;font-weight:400\"><em>Joueurs : I. Karacar (4 pts), A. Nalliah, I. Attoumani, A. Neiter Wang, A. Panjo Chaillot (3 pts).<\/em><\/p>\n\n\n\n<ol class=\"wp-block-list\">\n<li style=\"font-size:15px;font-style:normal;font-weight:400\">Rueil-Malmaison  25 pts<\/li>\n\n\n\n<li style=\"font-size:15px;font-style:normal;font-weight:400\">Clamart                 24 pts<\/li>\n\n\n\n<li style=\"font-size:15px;font-style:normal;font-weight:400\">Vincennes             21 pts<\/li>\n\n\n\n<li style=\"font-size:15px;font-style:normal;font-weight:400\">Puteaux                18 pts<\/li>\n\n\n\n<li style=\"font-size:15px;font-style:normal;font-weight:400\">Noisy-le-Grand   18 pts<\/li>\n\n\n\n<li style=\"font-size:15px;font-style:normal;font-weight:400\">Noisiel                 18 pts<\/li>\n\n\n\n<li style=\"font-size:15px;font-style:normal;font-weight:400\">St Maur                18 pts<\/li>\n\n\n\n<li style=\"font-size:15px;font-style:normal;font-weight:400\">Le Petit Pouchet  16 pts<\/li>\n\n\n\n<li style=\"font-size:15px;font-style:normal;font-weight:400\">Colombes             12 pts<\/li>\n\n\n\n<li style=\"font-size:15px;font-style:normal;font-weight:400\">Cergy-Pontoise    10 pts<\/li>\n<\/ol>\n<\/details>\n\n\n\n<p style=\"font-size:15px\">A. Nalliah est le meilleur contributeur aux r\u00e9sultats de notre \u00e9quipe de Crit\u00e9rium Petits pions U10.<br>1. A. Nalliah (17 vict., 2 nulles)<br>2. I. Karacar (10 vict., 2 nulles)<br>3. I. Attoumani (9 vict.)<\/p>\n\n\n\n<hr class=\"wp-block-separator has-alpha-channel-opacity\"\/>\n<\/div><\/div>\n<\/div>\n<\/div>\n\n\n\n<div class=\"wp-block-columns is-layout-flex wp-container-core-columns-is-layout-9d6595d7 wp-block-columns-is-layout-flex\">\n<div class=\"wp-block-column is-layout-flow wp-block-column-is-layout-flow\">\n<h4 class=\"wp-block-heading has-medium-font-size\"><strong><span style=\"text-decoration: underline;\">Championnat de la ligue \u00cele-de-France<\/span><\/strong><\/h4>\n\n\n\n<p style=\"font-size:15px\"><strong>12 &#8211; 16\/02\/24<\/strong> : Armand et Arthur ont repr\u00e9sent\u00e9 le club au championnat de la ligue \u00cele-de-France qui s&rsquo;est d\u00e9roul\u00e9 \u00e0 Paris.<br>Ils ont tous les deux r\u00e9alis\u00e9 une tr\u00e8s belle performance dans un tournoi tr\u00e8s relev\u00e9 avec, respectivement, 5 pts pour Armand et 4,5 pour Arthur.<\/p>\n\n\n\n<figure class=\"wp-block-image size-full is-resized is-style-rounded\"><img decoding=\"async\" src=\"https:\/\/cerclealekhine.fr\/wp-content\/uploads\/2024\/02\/REG_2024_PPo01.jpg\" alt=\"\" class=\"wp-image-1016\" style=\"width:350px\"\/><\/figure>\n\n\n\n<hr class=\"wp-block-separator has-alpha-channel-opacity\"\/>\n<\/div>\n\n\n\n<div class=\"wp-block-column is-layout-flow wp-block-column-is-layout-flow\">\n<h4 class=\"wp-block-heading has-medium-font-size\"><strong><span style=\"text-decoration: underline;\">Championnat d\u00e9partemental Seine Saint-Denis<\/span><\/strong><\/h4>\n\n\n\n<p style=\"font-size:15px\"><strong>02 &#8211; 03\/12\/23 <\/strong>: Le Cercle Alekhine de Noisy-le-Grand a \u00e9t\u00e9 repr\u00e9sent\u00e9 par quatre jeunes (Armand, Arthur, Moustafa, Patrick) au championnat d\u00e9partemental de Seine Saint-Denis qui s&rsquo;est d\u00e9roul\u00e9 au Blanc-Mesnil.<\/p>\n\n\n\n<p style=\"font-size:15px;line-height:1.5\">Trois d&rsquo;entre eux se sont qualifi\u00e9s pour la comp\u00e9titions r\u00e9gionale IdF qui se tiendra en f\u00e9vrier prochain.<\/p>\n\n\n\n<div class=\"wp-block-group\" style=\"font-size:15px\"><div class=\"wp-block-group__inner-container is-layout-constrained wp-block-group-is-layout-constrained\">\n<details class=\"wp-block-details has-background is-layout-flow wp-block-details-is-layout-flow\" style=\"background:linear-gradient(0deg,rgb(238,238,238) 0%,rgb(169,184,195) 100%);font-style:normal;font-weight:700\"><summary>Voir les r\u00e9sultats<\/summary>\n<div class=\"wp-block-group\" style=\"font-style:normal;font-weight:400\"><div class=\"wp-block-group__inner-container is-layout-constrained wp-block-group-is-layout-constrained\">\n<p><a href=\"https:\/\/www.echecs.asso.fr\/Resultats.aspx?URL=Tournois\/Id\/61120\/61120&amp;Action=Cl\" target=\"_blank\" rel=\"noreferrer noopener\"><em>En minimes<\/em><\/a>, P. Addison et M. Fatealy se sont class\u00e9s, respectivement, 9\u00e8me et 13\u00e8me. Avec  4 pts, Patrick s&rsquo;est qualifi\u00e9 pour le championnat de Ligue Ile-de-France.<\/p>\n\n\n\n<p><a href=\"https:\/\/www.echecs.asso.fr\/Resultats.aspx?URL=Tournois\/Id\/61116\/61116&amp;Action=Cl\"><em>En petits poussins<\/em><\/a>, A. Neiter Wand et A. Panjo Chaillot se sont class\u00e9s, respectivement, 3\u00e8me avec 5 pts et 5\u00e8me avec 4,5 pts. Ils sont tous les deux qualifi\u00e9s pour le championnat de Ligue Ile-de-France.<\/p>\n<\/div><\/div>\n<\/details>\n<\/div><\/div>\n\n\n\n<figure class=\"wp-block-image size-medium is-style-rounded\"><img loading=\"lazy\" decoding=\"async\" width=\"300\" height=\"225\" src=\"https:\/\/cerclealekhine.fr\/wp-content\/uploads\/2024\/07\/Dep_2023_Min03-300x225.jpg\" alt=\"\" class=\"wp-image-1568\" style=\"object-fit:cover\" srcset=\"https:\/\/cerclealekhine.fr\/wp-content\/uploads\/2024\/07\/Dep_2023_Min03-300x225.jpg 300w, https:\/\/cerclealekhine.fr\/wp-content\/uploads\/2024\/07\/Dep_2023_Min03-1024x768.jpg 1024w, https:\/\/cerclealekhine.fr\/wp-content\/uploads\/2024\/07\/Dep_2023_Min03-768x576.jpg 768w, https:\/\/cerclealekhine.fr\/wp-content\/uploads\/2024\/07\/Dep_2023_Min03-1536x1152.jpg 1536w, https:\/\/cerclealekhine.fr\/wp-content\/uploads\/2024\/07\/Dep_2023_Min03-2048x1536.jpg 2048w\" sizes=\"auto, (max-width: 300px) 100vw, 300px\" \/><\/figure>\n\n\n\n<h3 class=\"wp-block-heading\"><strong><strong><strong>02 &#8211; 03\/12\/23 &#8211; Championnat d\u00e9partemental 93 Jeunes<\/strong><\/strong><\/strong> <\/h3>\n\n\n\n<hr class=\"wp-block-separator has-alpha-channel-opacity\"\/>\n<\/div>\n<\/div>\n\n\n\n<div class=\"wp-block-columns is-layout-flex wp-container-core-columns-is-layout-9d6595d7 wp-block-columns-is-layout-flex\">\n<div class=\"wp-block-column is-layout-flow wp-block-column-is-layout-flow\">\n<div class=\"wp-block-group\"><div class=\"wp-block-group__inner-container is-layout-constrained wp-block-group-is-layout-constrained\">\n<div class=\"wp-block-group\"><div class=\"wp-block-group__inner-container is-layout-constrained wp-block-group-is-layout-constrained\">\n<h4 class=\"wp-block-heading has-medium-font-size\"><strong><span style=\"text-decoration: underline;\">Championnat scolaire de l&rsquo;acad\u00e9mie de Cr\u00e9teil<\/span><\/strong><\/h4>\n\n\n\n<div class=\"wp-block-group\"><div class=\"wp-block-group__inner-container is-layout-constrained wp-block-group-is-layout-constrained\">\n<p style=\"font-size:15px\"><strong>03\/04\/24 <\/strong>: Apr\u00e8s leur r\u00e9ussite au championnat d\u00e9partemental de Seine Saint-Denis, l&rsquo;\u00e9quipe de l&rsquo;Ecole Fran\u00e7oise Cabrini de Noisy-le-Grand a particip\u00e9 au championnat scolaire de l&rsquo;acad\u00e9mie de Cr\u00e9teil qui s&rsquo;est d\u00e9roul\u00e9 \u00e0 St Maur des Foss\u00e9s. Deux de nos jeunes joueurs \u00e9taient pr\u00e9sents : Armand et Gabriel.<br>L&rsquo;\u00e9quipe de l&rsquo;\u00e9cole est arriv\u00e9e deuxi\u00e8me du championnat.<br>C&rsquo;est une confirmation de la qualit\u00e9 des joueurs de Noisy-le-Grand.<\/p>\n<\/div><\/div>\n<\/div><\/div>\n<\/div><\/div>\n\n\n\n<figure class=\"wp-block-image size-full is-style-rounded\"><img decoding=\"async\" src=\"https:\/\/cerclealekhine.fr\/wp-content\/uploads\/2024\/04\/Podium.jpg\" alt=\"\" class=\"wp-image-1241\" style=\"object-fit:cover\"\/><\/figure>\n<\/div>\n\n\n\n<div class=\"wp-block-column is-layout-flow wp-block-column-is-layout-flow\">\n<div class=\"wp-block-group\"><div class=\"wp-block-group__inner-container is-layout-constrained wp-block-group-is-layout-constrained\">\n<h4 class=\"wp-block-heading has-medium-font-size\"><strong><span style=\"text-decoration: underline;\">Championnat d\u00e9partemental scolaire Seine Saint-Denis<\/span><\/strong><\/h4>\n\n\n\n<p style=\"font-size:15px\"><strong>28\/01\/24 <\/strong>: Quatre de nos jeunes joueurs ont particip\u00e9 championnat d\u00e9partemental scolaire 93 qui s&rsquo;est d\u00e9roul\u00e9 \u00e0 Aubervilliers : Mariem, Armand, Gabriel et Adam.<br>Pour la toute premi\u00e8re fois, une coop\u00e9ration avec l&rsquo;Ecole Fran\u00e7oise Cabrini de Noisy-le-Grand a permis de pr\u00e9parer les jeunes \u00e0 la comp\u00e9tition. La coupe de meilleure \u00e9cole du d\u00e9partement a \u00e9t\u00e9 gagn\u00e9e.<br>A titre individuel, Armand et Adam ont gagn\u00e9, respectivement, la coupe de meilleur jeune de CP et CE1.<\/p>\n\n\n\n<figure class=\"wp-block-image size-full is-resized is-style-rounded\"><img decoding=\"async\" src=\"https:\/\/cerclealekhine.fr\/wp-content\/uploads\/2024\/04\/Cabrini-1-1.jpg\" alt=\"\" class=\"wp-image-1252\" style=\"width:auto;height:300px\"\/><\/figure>\n<\/div><\/div>\n<\/div>\n<\/div>\n\n\n\n<hr class=\"wp-block-separator has-alpha-channel-opacity is-style-wide\"\/>\n<\/div><\/div>\n\n\n\n<div class=\"wp-block-columns is-layout-flex wp-container-core-columns-is-layout-9d6595d7 wp-block-columns-is-layout-flex\">\n<div class=\"wp-block-column is-layout-flow wp-block-column-is-layout-flow\">\n<h3 class=\"wp-block-heading has-black-color has-text-color has-link-color wp-elements-481e1ddc32811dcbd1c6a2002afb70e1\"><strong>08\/05\/24 &#8211; Festival Jeunes de Chelles<\/strong><\/h3>\n\n\n\n<div class=\"wp-block-group\"><div class=\"wp-block-group__inner-container is-layout-constrained wp-block-group-is-layout-constrained\">\n<p style=\"font-size:15px\">Mariem et Adam, ainsi que leurs accompagnateurs, ont particip\u00e9 \u00e0 la 6\u00e8me \u00e9tape du Festival jeunes IdF \u00e0 Chelles ce mercredi 8 mai 2024.<br>De tr\u00e8s bons r\u00e9sultats ont \u00e9t\u00e9 obtenu.<br>Et bravo \u00e0 tous les quatre.<\/p>\n\n\n\n<figure class=\"wp-block-image size-full is-style-rounded\"><img loading=\"lazy\" decoding=\"async\" width=\"250\" height=\"188\" src=\"https:\/\/cerclealekhine.fr\/wp-content\/uploads\/2024\/05\/image.png\" alt=\"\" class=\"wp-image-1375\" style=\"object-fit:cover\"\/><\/figure>\n\n\n\n<p class=\"has-vivid-cyan-blue-color has-text-color has-link-color wp-elements-892399a4ca31bb07cf19e599febefd37\" style=\"font-size:15px\"><a href=\"https:\/\/cerclealekhine.fr\/index.php\/competitions\/competitions-jeunes\/\"><em>Pour en savoir plus sur le festival jeunes de Chelles&#8230;<\/em><\/a><\/p>\n<\/div><\/div>\n<\/div>\n\n\n\n<div class=\"wp-block-column is-layout-flow wp-block-column-is-layout-flow\">\n<h3 class=\"wp-block-heading\"><strong>28\/04\/24 &#8211; Festival Jeunes de Meaux<\/strong><\/h3>\n\n\n\n<p style=\"font-size:15px\">Cinq joueurs du club ont particip\u00e9 \u00e0 la 5\u00e8me \u00e9tape du Festival jeunes IdF \u00e0 Meaux ce dimanche 28 avril 2024.<br>De tr\u00e8s bons r\u00e9sultats ont \u00e9t\u00e9 obtenu par Armand, Mariem et Adam.<br>Et bravo \u00e0 deux accompagnateurs qui ont aussi r\u00e9alis\u00e9 un bon tournoi.<\/p>\n\n\n\n<figure class=\"wp-block-image size-large is-style-rounded\"><img loading=\"lazy\" decoding=\"async\" width=\"1024\" height=\"461\" src=\"https:\/\/cerclealekhine.fr\/wp-content\/uploads\/2024\/07\/Meaux-1024x461.jpg\" alt=\"\" class=\"wp-image-1552\" srcset=\"https:\/\/cerclealekhine.fr\/wp-content\/uploads\/2024\/07\/Meaux-1024x461.jpg 1024w, https:\/\/cerclealekhine.fr\/wp-content\/uploads\/2024\/07\/Meaux-300x135.jpg 300w, https:\/\/cerclealekhine.fr\/wp-content\/uploads\/2024\/07\/Meaux-768x346.jpg 768w, https:\/\/cerclealekhine.fr\/wp-content\/uploads\/2024\/07\/Meaux-1536x691.jpg 1536w, https:\/\/cerclealekhine.fr\/wp-content\/uploads\/2024\/07\/Meaux.jpg 1600w\" sizes=\"auto, (max-width: 1024px) 100vw, 1024px\" \/><\/figure>\n\n\n\n<p class=\"has-vivid-cyan-blue-color has-text-color has-link-color wp-elements-b3f85587c251fc9319fc2b66f20357c9\" style=\"font-size:15px\"><a href=\"https:\/\/cerclealekhine.fr\/index.php\/competitions\/competitions-jeunes\/\"><em>Pour en savoir plus sur le festival jeunes de Meaux&#8230;<\/em><\/a><\/p>\n<\/div>\n\n\n\n<div class=\"wp-block-column is-layout-flow wp-block-column-is-layout-flow\">\n<h3 class=\"wp-block-heading\"><strong>22\/10\/23 &#8211; Festival Jeunes de Montreuil<\/strong><\/h3>\n\n\n\n<p style=\"font-size:15px\">Mariem et son papa (comme accompagnateur) ont particip\u00e9 \u00e0 la 3\u00e8me \u00e9tape du Festival jeunes IdF \u00e0 Montreuil ce dimanche 22 octobre 2023.<br>Mariem a r\u00e9alis\u00e9 un tr\u00e8s beau r\u00e9sultat en gagnant une coupe.<br>Et bravo \u00e0 son papa qui a aussi r\u00e9alis\u00e9 un tr\u00e8s bon tournoi.<\/p>\n\n\n\n<div class=\"wp-block-jetpack-slideshow aligncenter\" data-autoplay=\"true\" data-delay=\"5\" data-effect=\"slide\"><div class=\"wp-block-jetpack-slideshow_container swiper-container\"><ul class=\"wp-block-jetpack-slideshow_swiper-wrapper swiper-wrapper\"><li class=\"wp-block-jetpack-slideshow_slide swiper-slide\"><figure><img loading=\"lazy\" decoding=\"async\" width=\"1080\" height=\"1920\" alt=\"\" class=\"wp-block-jetpack-slideshow_image wp-image-407\" data-id=\"407\" src=\"https:\/\/cerclealekhine.fr\/wp-content\/uploads\/2023\/12\/Affiche-Festival-echecs-octobre-2023-1.png\" srcset=\"https:\/\/cerclealekhine.fr\/wp-content\/uploads\/2023\/12\/Affiche-Festival-echecs-octobre-2023-1.png 1080w, https:\/\/cerclealekhine.fr\/wp-content\/uploads\/2023\/12\/Affiche-Festival-echecs-octobre-2023-1-169x300.png 169w, https:\/\/cerclealekhine.fr\/wp-content\/uploads\/2023\/12\/Affiche-Festival-echecs-octobre-2023-1-576x1024.png 576w, https:\/\/cerclealekhine.fr\/wp-content\/uploads\/2023\/12\/Affiche-Festival-echecs-octobre-2023-1-768x1365.png 768w, https:\/\/cerclealekhine.fr\/wp-content\/uploads\/2023\/12\/Affiche-Festival-echecs-octobre-2023-1-864x1536.png 864w\" sizes=\"(max-width: 1080px) 100vw, 1080px\" \/><\/figure><\/li><li class=\"wp-block-jetpack-slideshow_slide swiper-slide\"><figure><img loading=\"lazy\" decoding=\"async\" width=\"1024\" height=\"768\" alt=\"\" class=\"wp-block-jetpack-slideshow_image wp-image-408\" data-id=\"408\" src=\"https:\/\/cerclealekhine.fr\/wp-content\/uploads\/2023\/12\/IMG_20231029_152045-1.jpg\" srcset=\"https:\/\/cerclealekhine.fr\/wp-content\/uploads\/2023\/12\/IMG_20231029_152045-1.jpg 1024w, https:\/\/cerclealekhine.fr\/wp-content\/uploads\/2023\/12\/IMG_20231029_152045-1-300x225.jpg 300w, https:\/\/cerclealekhine.fr\/wp-content\/uploads\/2023\/12\/IMG_20231029_152045-1-768x576.jpg 768w\" sizes=\"(max-width: 1024px) 100vw, 1024px\" \/><\/figure><\/li><\/ul><a class=\"wp-block-jetpack-slideshow_button-prev swiper-button-prev swiper-button-white\" role=\"button\"><\/a><a class=\"wp-block-jetpack-slideshow_button-next swiper-button-next swiper-button-white\" role=\"button\"><\/a><a aria-label=\"Pause Slideshow\" class=\"wp-block-jetpack-slideshow_button-pause\" role=\"button\"><\/a><div class=\"wp-block-jetpack-slideshow_pagination swiper-pagination swiper-pagination-white\"><\/div><\/div><\/div>\n\n\n\n<p class=\"has-vivid-cyan-blue-color has-text-color has-link-color wp-elements-c8a049e0ea7e9d0ed7e11ebb1140105b\" style=\"font-size:15px\"><a href=\"https:\/\/idf-echecs.com\/pages\/jeunes\/2349-resultats-du-festival-jeunes-de-la-ville-de-montreuil.html\"><em>Pour en savoir plus sur le festival jeunes de Montreuil &#8230;<\/em><\/a><\/p>\n<\/div>\n<\/div>\n\n\n\n<div class=\"wp-block-columns is-layout-flex wp-container-core-columns-is-layout-9d6595d7 wp-block-columns-is-layout-flex\">\n<div class=\"wp-block-column is-layout-flow wp-block-column-is-layout-flow\">\n<h3 class=\"wp-block-heading\"><strong>24\/09\/23 &#8211; Festival Jeunes de Noisiel<\/strong><\/h3>\n\n\n\n<p style=\"font-size:15px\">Nos trois jeunes Armand, Arthur et Patrick ont particip\u00e9 \u00e0 la 2\u00e8me \u00e9tape du Festival jeunes IdF de Noisiel ce dimanche 24 septembre 2023.<br>Ils ont une belle prestation, avec \u00e0 la cl\u00e9 une coupe remport\u00e9 par Armand.<\/p>\n\n\n\n<p><em><a href=\"https:\/\/www.noisiel-echecs.fr\/1483532_bilan-et-resultats-du-festival-jeunes-d-idf\">Pour en savoir plus sur le festival jeunes de Noisiel &#8230;<\/a><\/em><\/p>\n\n\n\n<div class=\"wp-block-jetpack-slideshow\" data-autoplay=\"true\" data-delay=\"5\" data-effect=\"slide\"><div class=\"wp-block-jetpack-slideshow_container swiper-container\"><ul class=\"wp-block-jetpack-slideshow_swiper-wrapper swiper-wrapper\"><li class=\"wp-block-jetpack-slideshow_slide swiper-slide\"><figure><img loading=\"lazy\" decoding=\"async\" width=\"1200\" height=\"1600\" alt=\"\" class=\"wp-block-jetpack-slideshow_image wp-image-215\" data-id=\"215\" src=\"https:\/\/cerclealekhine.fr\/wp-content\/uploads\/2023\/12\/IMG-20230924-WA0004.jpg\" srcset=\"https:\/\/cerclealekhine.fr\/wp-content\/uploads\/2023\/12\/IMG-20230924-WA0004.jpg 1200w, https:\/\/cerclealekhine.fr\/wp-content\/uploads\/2023\/12\/IMG-20230924-WA0004-225x300.jpg 225w, https:\/\/cerclealekhine.fr\/wp-content\/uploads\/2023\/12\/IMG-20230924-WA0004-768x1024.jpg 768w, https:\/\/cerclealekhine.fr\/wp-content\/uploads\/2023\/12\/IMG-20230924-WA0004-1152x1536.jpg 1152w\" sizes=\"(max-width: 1200px) 100vw, 1200px\" \/><\/figure><\/li><li class=\"wp-block-jetpack-slideshow_slide swiper-slide\"><figure><img loading=\"lazy\" decoding=\"async\" width=\"2000\" height=\"1500\" alt=\"\" class=\"wp-block-jetpack-slideshow_image wp-image-220\" data-id=\"220\" src=\"https:\/\/cerclealekhine.fr\/wp-content\/uploads\/2023\/12\/IMG-20230924-WA0012.jpg\" srcset=\"https:\/\/cerclealekhine.fr\/wp-content\/uploads\/2023\/12\/IMG-20230924-WA0012.jpg 2000w, https:\/\/cerclealekhine.fr\/wp-content\/uploads\/2023\/12\/IMG-20230924-WA0012-300x225.jpg 300w, https:\/\/cerclealekhine.fr\/wp-content\/uploads\/2023\/12\/IMG-20230924-WA0012-1024x768.jpg 1024w, https:\/\/cerclealekhine.fr\/wp-content\/uploads\/2023\/12\/IMG-20230924-WA0012-768x576.jpg 768w, https:\/\/cerclealekhine.fr\/wp-content\/uploads\/2023\/12\/IMG-20230924-WA0012-1536x1152.jpg 1536w\" sizes=\"(max-width: 2000px) 100vw, 2000px\" \/><\/figure><\/li><li class=\"wp-block-jetpack-slideshow_slide swiper-slide\"><figure><img loading=\"lazy\" decoding=\"async\" width=\"2000\" height=\"1500\" alt=\"\" class=\"wp-block-jetpack-slideshow_image wp-image-219\" data-id=\"219\" src=\"https:\/\/cerclealekhine.fr\/wp-content\/uploads\/2023\/12\/IMG-20230924-WA0010.jpg\" srcset=\"https:\/\/cerclealekhine.fr\/wp-content\/uploads\/2023\/12\/IMG-20230924-WA0010.jpg 2000w, https:\/\/cerclealekhine.fr\/wp-content\/uploads\/2023\/12\/IMG-20230924-WA0010-300x225.jpg 300w, https:\/\/cerclealekhine.fr\/wp-content\/uploads\/2023\/12\/IMG-20230924-WA0010-1024x768.jpg 1024w, https:\/\/cerclealekhine.fr\/wp-content\/uploads\/2023\/12\/IMG-20230924-WA0010-768x576.jpg 768w, https:\/\/cerclealekhine.fr\/wp-content\/uploads\/2023\/12\/IMG-20230924-WA0010-1536x1152.jpg 1536w\" sizes=\"(max-width: 2000px) 100vw, 2000px\" \/><\/figure><\/li><li class=\"wp-block-jetpack-slideshow_slide swiper-slide\"><figure><img loading=\"lazy\" decoding=\"async\" width=\"1600\" height=\"1200\" alt=\"\" class=\"wp-block-jetpack-slideshow_image wp-image-217\" data-id=\"217\" src=\"https:\/\/cerclealekhine.fr\/wp-content\/uploads\/2023\/12\/IMG-20230924-WA0006.jpg\" srcset=\"https:\/\/cerclealekhine.fr\/wp-content\/uploads\/2023\/12\/IMG-20230924-WA0006.jpg 1600w, https:\/\/cerclealekhine.fr\/wp-content\/uploads\/2023\/12\/IMG-20230924-WA0006-300x225.jpg 300w, https:\/\/cerclealekhine.fr\/wp-content\/uploads\/2023\/12\/IMG-20230924-WA0006-1024x768.jpg 1024w, https:\/\/cerclealekhine.fr\/wp-content\/uploads\/2023\/12\/IMG-20230924-WA0006-768x576.jpg 768w, https:\/\/cerclealekhine.fr\/wp-content\/uploads\/2023\/12\/IMG-20230924-WA0006-1536x1152.jpg 1536w\" sizes=\"(max-width: 1600px) 100vw, 1600px\" \/><\/figure><\/li><li class=\"wp-block-jetpack-slideshow_slide swiper-slide\"><figure><img loading=\"lazy\" decoding=\"async\" width=\"553\" height=\"445\" alt=\"\" class=\"wp-block-jetpack-slideshow_image wp-image-221\" data-id=\"221\" src=\"https:\/\/cerclealekhine.fr\/wp-content\/uploads\/2023\/12\/Noisiel.jpg\" srcset=\"https:\/\/cerclealekhine.fr\/wp-content\/uploads\/2023\/12\/Noisiel.jpg 553w, https:\/\/cerclealekhine.fr\/wp-content\/uploads\/2023\/12\/Noisiel-300x241.jpg 300w\" sizes=\"(max-width: 553px) 100vw, 553px\" \/><\/figure><\/li><\/ul><a class=\"wp-block-jetpack-slideshow_button-prev swiper-button-prev swiper-button-white\" role=\"button\"><\/a><a class=\"wp-block-jetpack-slideshow_button-next swiper-button-next swiper-button-white\" role=\"button\"><\/a><a aria-label=\"Pause Slideshow\" class=\"wp-block-jetpack-slideshow_button-pause\" role=\"button\"><\/a><div class=\"wp-block-jetpack-slideshow_pagination swiper-pagination swiper-pagination-white\"><\/div><\/div><\/div>\n<\/div>\n\n\n\n<div class=\"wp-block-column is-layout-flow wp-block-column-is-layout-flow\">\n<h3 class=\"wp-block-heading\"><strong>16\/03\/24 &#8211; <\/strong>Rencontre amicale<strong> &#8211; Jeunes<\/strong><\/h3>\n\n\n\n<p style=\"font-size:15px\">Une \u00e9quipe de jeunes du Cercle Alekhine s&rsquo;est rendu \u00e0 Chelles pour y affronter les jeunes de l&rsquo;Echiquier Chellois.<br>L&rsquo;\u00e9quipe \u00e9tait constitu\u00e9e de jeunes d\u00e9butants qui n&rsquo;ont pas la chance de faire des comp\u00e9titions. L&rsquo;objectif \u00e9tait de donner un avant go\u00fbt de ce qu&rsquo;est une comp\u00e9tition et, \u00e0 titre p\u00e9dagogique, de voir les points \u00e0 d\u00e9velopper ou \u00e0 renforcer.<br>Les filles de l&rsquo;\u00e9quipe peuvent raisonnablement int\u00e9grer une prochaine \u00e9quipe de comp\u00e9tition.<\/p>\n\n\n\n<figure class=\"wp-block-image size-large is-resized is-style-rounded\"><img loading=\"lazy\" decoding=\"async\" width=\"768\" height=\"1024\" src=\"https:\/\/cerclealekhine.fr\/wp-content\/uploads\/2024\/09\/20240316_143018-768x1024.jpg\" alt=\"\" class=\"wp-image-1662\" style=\"object-fit:cover;width:250px;height:200px\" srcset=\"https:\/\/cerclealekhine.fr\/wp-content\/uploads\/2024\/09\/20240316_143018-768x1024.jpg 768w, https:\/\/cerclealekhine.fr\/wp-content\/uploads\/2024\/09\/20240316_143018-225x300.jpg 225w, https:\/\/cerclealekhine.fr\/wp-content\/uploads\/2024\/09\/20240316_143018-1152x1536.jpg 1152w, https:\/\/cerclealekhine.fr\/wp-content\/uploads\/2024\/09\/20240316_143018-1536x2048.jpg 1536w, https:\/\/cerclealekhine.fr\/wp-content\/uploads\/2024\/09\/20240316_143018-scaled.jpg 1920w\" sizes=\"auto, (max-width: 768px) 100vw, 768px\" \/><\/figure>\n\n\n\n<p>Un grand merci \u00e0 O. Tridon (pr\u00e9sident de l&rsquo;Echiquier Chellois) pour son accueil, ainsi qu&rsquo;aux jeunes de Chelles qui ont pris du plaisir \u00e0 jouer avec nos jeunes.<\/p>\n<\/div>\n\n\n\n<div class=\"wp-block-column is-layout-flow wp-block-column-is-layout-flow\"><\/div>\n<\/div>\n\n\n\n<div class=\"wp-block-columns is-layout-flex wp-container-core-columns-is-layout-9d6595d7 wp-block-columns-is-layout-flex\">\n<div class=\"wp-block-column is-layout-flow wp-block-column-is-layout-flow\">\n<h3 class=\"wp-block-heading\"><strong><strong>24\/09\/23 &#8211; Festival du Jeu<\/strong><\/strong><\/h3>\n\n\n\n<p style=\"font-size:15px\">Le Cercle Alekhine a particip\u00e9 au Festival du Jeu \u00e0 la MPT des Coteaux qui a accueilli pr\u00e8s de 250 personnes. Le stand des \u00e9checs a \u00e9t\u00e9 tr\u00e8s pris\u00e9.<\/p>\n<\/div>\n\n\n\n<div class=\"wp-block-column is-layout-flow wp-block-column-is-layout-flow\">\n<div class=\"wp-block-jetpack-slideshow aligncenter\" data-effect=\"slide\"><div class=\"wp-block-jetpack-slideshow_container swiper-container\"><ul class=\"wp-block-jetpack-slideshow_swiper-wrapper swiper-wrapper\"><li class=\"wp-block-jetpack-slideshow_slide swiper-slide\"><figure><img loading=\"lazy\" decoding=\"async\" width=\"243\" height=\"300\" alt=\"Festival du jeu\" class=\"wp-block-jetpack-slideshow_image wp-image-188\" data-id=\"188\" src=\"https:\/\/cerclealekhine.fr\/wp-content\/uploads\/2023\/12\/Festival-Jeu-243x300.jpg\" srcset=\"https:\/\/cerclealekhine.fr\/wp-content\/uploads\/2023\/12\/Festival-Jeu-243x300.jpg 243w, https:\/\/cerclealekhine.fr\/wp-content\/uploads\/2023\/12\/Festival-Jeu-829x1024.jpg 829w, https:\/\/cerclealekhine.fr\/wp-content\/uploads\/2023\/12\/Festival-Jeu-768x949.jpg 768w, https:\/\/cerclealekhine.fr\/wp-content\/uploads\/2023\/12\/Festival-Jeu.jpg 874w\" sizes=\"(max-width: 243px) 100vw, 243px\" \/><figcaption class=\"wp-block-jetpack-slideshow_caption gallery-caption\">Annonce de l&rsquo;organisateur<\/figcaption><\/figure><\/li><li class=\"wp-block-jetpack-slideshow_slide swiper-slide\"><figure><img loading=\"lazy\" decoding=\"async\" width=\"225\" height=\"300\" alt=\"Festival du jeu\" class=\"wp-block-jetpack-slideshow_image wp-image-50\" data-id=\"50\" src=\"https:\/\/cerclealekhine.fr\/wp-content\/uploads\/2023\/11\/20230924_165735-225x300.jpg\" srcset=\"https:\/\/cerclealekhine.fr\/wp-content\/uploads\/2023\/11\/20230924_165735-225x300.jpg 225w, https:\/\/cerclealekhine.fr\/wp-content\/uploads\/2023\/11\/20230924_165735-768x1024.jpg 768w, https:\/\/cerclealekhine.fr\/wp-content\/uploads\/2023\/11\/20230924_165735-1152x1536.jpg 1152w, https:\/\/cerclealekhine.fr\/wp-content\/uploads\/2023\/11\/20230924_165735-1536x2048.jpg 1536w, https:\/\/cerclealekhine.fr\/wp-content\/uploads\/2023\/11\/20230924_165735-scaled.jpg 1920w\" sizes=\"(max-width: 225px) 100vw, 225px\" \/><figcaption class=\"wp-block-jetpack-slideshow_caption gallery-caption\">une r\u00e9flexion intense<\/figcaption><\/figure><\/li><\/ul><a class=\"wp-block-jetpack-slideshow_button-prev swiper-button-prev swiper-button-white\" role=\"button\"><\/a><a class=\"wp-block-jetpack-slideshow_button-next swiper-button-next swiper-button-white\" role=\"button\"><\/a><a aria-label=\"Pause Slideshow\" class=\"wp-block-jetpack-slideshow_button-pause\" role=\"button\"><\/a><div class=\"wp-block-jetpack-slideshow_pagination swiper-pagination swiper-pagination-white\"><\/div><\/div><\/div>\n<\/div>\n<\/div>\n","protected":false},"excerpt":{"rendered":"<p>Adultes Nos \u00e9quipes adultes ont affront\u00e9 :&#8211; en Nationale IV &#8211; IdF VIII (cap. Thomas Lemoine) : Chelles, Chennevi\u00e8res, Choisy-le-Roi, \u00c9chiquier de la Butte 2, Maubu\u00e9e-Gondoire, Meaux Tour Noire, Tremblay en France 3.&#8211; en Crit\u00e9rium &#8211; Fou D (cap. Patrice Meunier) : Bois-Colombes, Cergy Philidor, Aubervilliers Echecs, Drancy, Livry-Gargan, Montreuil. Nationale IV En terminant \u00e0 [&hellip;]<\/p>\n","protected":false},"author":1,"featured_media":0,"parent":1476,"menu_order":0,"comment_status":"closed","ping_status":"closed","template":"","meta":{"om_disable_all_campaigns":false,"_monsterinsights_skip_tracking":false,"_monsterinsights_sitenote_active":false,"_monsterinsights_sitenote_note":"","_monsterinsights_sitenote_category":0,"footnotes":""},"class_list":["post-1679","page","type-page","status-publish","hentry","entry"],"yoast_head":"<!-- This site is optimized with the Yoast SEO plugin v27.5 - https:\/\/yoast.com\/product\/yoast-seo-wordpress\/ -->\n<title>Cercle Alekhine - Saison 2023 - 2024 - Le club d&#039;\u00e9checs de Noisy-le-Grand<\/title>\n<meta name=\"description\" content=\"Cercle Alekhine - Saison 2023 - 2024 - Le club d&#039;\u00e9checs de Noisy-le-Grand\" \/>\n<meta name=\"robots\" content=\"index, follow, max-snippet:-1, max-image-preview:large, max-video-preview:-1\" \/>\n<link rel=\"canonical\" href=\"https:\/\/cerclealekhine.fr\/index.php\/saisons-passees\/saison-2023-2024\/\" \/>\n<meta property=\"og:locale\" content=\"fr_FR\" \/>\n<meta property=\"og:type\" content=\"article\" \/>\n<meta property=\"og:title\" content=\"Cercle Alekhine - Saison 2023 - 2024 - Le club d&#039;\u00e9checs de Noisy-le-Grand\" \/>\n<meta property=\"og:description\" content=\"Cercle Alekhine - Saison 2023 - 2024 - Le club d&#039;\u00e9checs de Noisy-le-Grand\" \/>\n<meta property=\"og:url\" content=\"https:\/\/cerclealekhine.fr\/index.php\/saisons-passees\/saison-2023-2024\/\" \/>\n<meta property=\"og:site_name\" content=\"Cercle Alekhine\" \/>\n<meta property=\"article:publisher\" content=\"https:\/\/www.facebook.com\/profile.php?id=100095083825352\" \/>\n<meta property=\"article:modified_time\" content=\"2025-05-20T09:33:05+00:00\" \/>\n<meta property=\"og:image\" content=\"https:\/\/cerclealekhine.fr\/wp-content\/uploads\/2024\/08\/20240114_172623-1-scaled.jpg\" \/>\n\t<meta property=\"og:image:width\" content=\"1920\" \/>\n\t<meta property=\"og:image:height\" content=\"2560\" \/>\n\t<meta property=\"og:image:type\" content=\"image\/jpeg\" \/>\n<meta name=\"twitter:card\" content=\"summary_large_image\" \/>\n<meta name=\"twitter:label1\" content=\"Dur\u00e9e de lecture estim\u00e9e\" \/>\n\t<meta name=\"twitter:data1\" content=\"16 minutes\" \/>\n<script type=\"application\/ld+json\" class=\"yoast-schema-graph\">{\"@context\":\"https:\\\/\\\/schema.org\",\"@graph\":[{\"@type\":\"WebPage\",\"@id\":\"https:\\\/\\\/cerclealekhine.fr\\\/index.php\\\/saisons-passees\\\/saison-2023-2024\\\/\",\"url\":\"https:\\\/\\\/cerclealekhine.fr\\\/index.php\\\/saisons-passees\\\/saison-2023-2024\\\/\",\"name\":\"Cercle Alekhine - Saison 2023 - 2024 - Le club d'\u00e9checs de Noisy-le-Grand\",\"isPartOf\":{\"@id\":\"https:\\\/\\\/cerclealekhine.fr\\\/#website\"},\"primaryImageOfPage\":{\"@id\":\"https:\\\/\\\/cerclealekhine.fr\\\/index.php\\\/saisons-passees\\\/saison-2023-2024\\\/#primaryimage\"},\"image\":{\"@id\":\"https:\\\/\\\/cerclealekhine.fr\\\/index.php\\\/saisons-passees\\\/saison-2023-2024\\\/#primaryimage\"},\"thumbnailUrl\":\"https:\\\/\\\/cerclealekhine.fr\\\/wp-content\\\/uploads\\\/2024\\\/08\\\/20240114_172623-1-768x1024.jpg\",\"datePublished\":\"2024-09-25T14:53:25+00:00\",\"dateModified\":\"2025-05-20T09:33:05+00:00\",\"description\":\"Cercle Alekhine - Saison 2023 - 2024 - Le club d'\u00e9checs de Noisy-le-Grand\",\"breadcrumb\":{\"@id\":\"https:\\\/\\\/cerclealekhine.fr\\\/index.php\\\/saisons-passees\\\/saison-2023-2024\\\/#breadcrumb\"},\"inLanguage\":\"fr-FR\",\"potentialAction\":[{\"@type\":\"ReadAction\",\"target\":[\"https:\\\/\\\/cerclealekhine.fr\\\/index.php\\\/saisons-passees\\\/saison-2023-2024\\\/\"]}]},{\"@type\":\"ImageObject\",\"inLanguage\":\"fr-FR\",\"@id\":\"https:\\\/\\\/cerclealekhine.fr\\\/index.php\\\/saisons-passees\\\/saison-2023-2024\\\/#primaryimage\",\"url\":\"https:\\\/\\\/cerclealekhine.fr\\\/wp-content\\\/uploads\\\/2024\\\/08\\\/20240114_172623-1-scaled.jpg\",\"contentUrl\":\"https:\\\/\\\/cerclealekhine.fr\\\/wp-content\\\/uploads\\\/2024\\\/08\\\/20240114_172623-1-scaled.jpg\",\"width\":1920,\"height\":2560,\"caption\":\"Ronde 5\"},{\"@type\":\"BreadcrumbList\",\"@id\":\"https:\\\/\\\/cerclealekhine.fr\\\/index.php\\\/saisons-passees\\\/saison-2023-2024\\\/#breadcrumb\",\"itemListElement\":[{\"@type\":\"ListItem\",\"position\":1,\"name\":\"Accueil\",\"item\":\"https:\\\/\\\/cerclealekhine.fr\\\/\"},{\"@type\":\"ListItem\",\"position\":2,\"name\":\"Saisons pass\u00e9es\",\"item\":\"https:\\\/\\\/cerclealekhine.fr\\\/index.php\\\/saisons-passees\\\/\"},{\"@type\":\"ListItem\",\"position\":3,\"name\":\"Saison 2023 &#8211; 2024\"}]},{\"@type\":\"WebSite\",\"@id\":\"https:\\\/\\\/cerclealekhine.fr\\\/#website\",\"url\":\"https:\\\/\\\/cerclealekhine.fr\\\/\",\"name\":\"Cercle Alekhine\",\"description\":\"\",\"publisher\":{\"@id\":\"https:\\\/\\\/cerclealekhine.fr\\\/#organization\"},\"alternateName\":\"CANLG\",\"potentialAction\":[{\"@type\":\"SearchAction\",\"target\":{\"@type\":\"EntryPoint\",\"urlTemplate\":\"https:\\\/\\\/cerclealekhine.fr\\\/?s={search_term_string}\"},\"query-input\":{\"@type\":\"PropertyValueSpecification\",\"valueRequired\":true,\"valueName\":\"search_term_string\"}}],\"inLanguage\":\"fr-FR\"},{\"@type\":\"Organization\",\"@id\":\"https:\\\/\\\/cerclealekhine.fr\\\/#organization\",\"name\":\"Cercle d'\u00e9checs Alekhine de Noisy-le-Grand\",\"alternateName\":\"CANLG\",\"url\":\"https:\\\/\\\/cerclealekhine.fr\\\/\",\"logo\":{\"@type\":\"ImageObject\",\"inLanguage\":\"fr-FR\",\"@id\":\"https:\\\/\\\/cerclealekhine.fr\\\/#\\\/schema\\\/logo\\\/image\\\/\",\"url\":\"https:\\\/\\\/cerclealekhine.fr\\\/wp-content\\\/uploads\\\/2023\\\/11\\\/cropped-cropped-cropped-Logo_CANLG.png\",\"contentUrl\":\"https:\\\/\\\/cerclealekhine.fr\\\/wp-content\\\/uploads\\\/2023\\\/11\\\/cropped-cropped-cropped-Logo_CANLG.png\",\"width\":248,\"height\":248,\"caption\":\"Cercle d'\u00e9checs Alekhine de Noisy-le-Grand\"},\"image\":{\"@id\":\"https:\\\/\\\/cerclealekhine.fr\\\/#\\\/schema\\\/logo\\\/image\\\/\"},\"sameAs\":[\"https:\\\/\\\/www.facebook.com\\\/profile.php?id=100095083825352\"]}]}<\/script>\n<!-- \/ Yoast SEO plugin. -->","yoast_head_json":{"title":"Cercle Alekhine - Saison 2023 - 2024 - Le club d'\u00e9checs de Noisy-le-Grand","description":"Cercle Alekhine - Saison 2023 - 2024 - Le club d'\u00e9checs de Noisy-le-Grand","robots":{"index":"index","follow":"follow","max-snippet":"max-snippet:-1","max-image-preview":"max-image-preview:large","max-video-preview":"max-video-preview:-1"},"canonical":"https:\/\/cerclealekhine.fr\/index.php\/saisons-passees\/saison-2023-2024\/","og_locale":"fr_FR","og_type":"article","og_title":"Cercle Alekhine - Saison 2023 - 2024 - Le club d'\u00e9checs de Noisy-le-Grand","og_description":"Cercle Alekhine - Saison 2023 - 2024 - Le club d'\u00e9checs de Noisy-le-Grand","og_url":"https:\/\/cerclealekhine.fr\/index.php\/saisons-passees\/saison-2023-2024\/","og_site_name":"Cercle Alekhine","article_publisher":"https:\/\/www.facebook.com\/profile.php?id=100095083825352","article_modified_time":"2025-05-20T09:33:05+00:00","og_image":[{"width":1920,"height":2560,"url":"https:\/\/cerclealekhine.fr\/wp-content\/uploads\/2024\/08\/20240114_172623-1-scaled.jpg","type":"image\/jpeg"}],"twitter_card":"summary_large_image","twitter_misc":{"Dur\u00e9e de lecture estim\u00e9e":"16 minutes"},"schema":{"@context":"https:\/\/schema.org","@graph":[{"@type":"WebPage","@id":"https:\/\/cerclealekhine.fr\/index.php\/saisons-passees\/saison-2023-2024\/","url":"https:\/\/cerclealekhine.fr\/index.php\/saisons-passees\/saison-2023-2024\/","name":"Cercle Alekhine - Saison 2023 - 2024 - Le club d'\u00e9checs de Noisy-le-Grand","isPartOf":{"@id":"https:\/\/cerclealekhine.fr\/#website"},"primaryImageOfPage":{"@id":"https:\/\/cerclealekhine.fr\/index.php\/saisons-passees\/saison-2023-2024\/#primaryimage"},"image":{"@id":"https:\/\/cerclealekhine.fr\/index.php\/saisons-passees\/saison-2023-2024\/#primaryimage"},"thumbnailUrl":"https:\/\/cerclealekhine.fr\/wp-content\/uploads\/2024\/08\/20240114_172623-1-768x1024.jpg","datePublished":"2024-09-25T14:53:25+00:00","dateModified":"2025-05-20T09:33:05+00:00","description":"Cercle Alekhine - Saison 2023 - 2024 - Le club d'\u00e9checs de Noisy-le-Grand","breadcrumb":{"@id":"https:\/\/cerclealekhine.fr\/index.php\/saisons-passees\/saison-2023-2024\/#breadcrumb"},"inLanguage":"fr-FR","potentialAction":[{"@type":"ReadAction","target":["https:\/\/cerclealekhine.fr\/index.php\/saisons-passees\/saison-2023-2024\/"]}]},{"@type":"ImageObject","inLanguage":"fr-FR","@id":"https:\/\/cerclealekhine.fr\/index.php\/saisons-passees\/saison-2023-2024\/#primaryimage","url":"https:\/\/cerclealekhine.fr\/wp-content\/uploads\/2024\/08\/20240114_172623-1-scaled.jpg","contentUrl":"https:\/\/cerclealekhine.fr\/wp-content\/uploads\/2024\/08\/20240114_172623-1-scaled.jpg","width":1920,"height":2560,"caption":"Ronde 5"},{"@type":"BreadcrumbList","@id":"https:\/\/cerclealekhine.fr\/index.php\/saisons-passees\/saison-2023-2024\/#breadcrumb","itemListElement":[{"@type":"ListItem","position":1,"name":"Accueil","item":"https:\/\/cerclealekhine.fr\/"},{"@type":"ListItem","position":2,"name":"Saisons pass\u00e9es","item":"https:\/\/cerclealekhine.fr\/index.php\/saisons-passees\/"},{"@type":"ListItem","position":3,"name":"Saison 2023 &#8211; 2024"}]},{"@type":"WebSite","@id":"https:\/\/cerclealekhine.fr\/#website","url":"https:\/\/cerclealekhine.fr\/","name":"Cercle Alekhine","description":"","publisher":{"@id":"https:\/\/cerclealekhine.fr\/#organization"},"alternateName":"CANLG","potentialAction":[{"@type":"SearchAction","target":{"@type":"EntryPoint","urlTemplate":"https:\/\/cerclealekhine.fr\/?s={search_term_string}"},"query-input":{"@type":"PropertyValueSpecification","valueRequired":true,"valueName":"search_term_string"}}],"inLanguage":"fr-FR"},{"@type":"Organization","@id":"https:\/\/cerclealekhine.fr\/#organization","name":"Cercle d'\u00e9checs Alekhine de Noisy-le-Grand","alternateName":"CANLG","url":"https:\/\/cerclealekhine.fr\/","logo":{"@type":"ImageObject","inLanguage":"fr-FR","@id":"https:\/\/cerclealekhine.fr\/#\/schema\/logo\/image\/","url":"https:\/\/cerclealekhine.fr\/wp-content\/uploads\/2023\/11\/cropped-cropped-cropped-Logo_CANLG.png","contentUrl":"https:\/\/cerclealekhine.fr\/wp-content\/uploads\/2023\/11\/cropped-cropped-cropped-Logo_CANLG.png","width":248,"height":248,"caption":"Cercle d'\u00e9checs Alekhine de Noisy-le-Grand"},"image":{"@id":"https:\/\/cerclealekhine.fr\/#\/schema\/logo\/image\/"},"sameAs":["https:\/\/www.facebook.com\/profile.php?id=100095083825352"]}]}},"jetpack_sharing_enabled":true,"_links":{"self":[{"href":"https:\/\/cerclealekhine.fr\/index.php\/wp-json\/wp\/v2\/pages\/1679","targetHints":{"allow":["GET"]}}],"collection":[{"href":"https:\/\/cerclealekhine.fr\/index.php\/wp-json\/wp\/v2\/pages"}],"about":[{"href":"https:\/\/cerclealekhine.fr\/index.php\/wp-json\/wp\/v2\/types\/page"}],"author":[{"embeddable":true,"href":"https:\/\/cerclealekhine.fr\/index.php\/wp-json\/wp\/v2\/users\/1"}],"replies":[{"embeddable":true,"href":"https:\/\/cerclealekhine.fr\/index.php\/wp-json\/wp\/v2\/comments?post=1679"}],"version-history":[{"count":29,"href":"https:\/\/cerclealekhine.fr\/index.php\/wp-json\/wp\/v2\/pages\/1679\/revisions"}],"predecessor-version":[{"id":2707,"href":"https:\/\/cerclealekhine.fr\/index.php\/wp-json\/wp\/v2\/pages\/1679\/revisions\/2707"}],"up":[{"embeddable":true,"href":"https:\/\/cerclealekhine.fr\/index.php\/wp-json\/wp\/v2\/pages\/1476"}],"wp:attachment":[{"href":"https:\/\/cerclealekhine.fr\/index.php\/wp-json\/wp\/v2\/media?parent=1679"}],"curies":[{"name":"wp","href":"https:\/\/api.w.org\/{rel}","templated":true}]}}